{"id":4581,"date":"2025-07-29T07:25:50","date_gmt":"2025-07-29T07:25:50","guid":{"rendered":"https:\/\/canamarce.com\/contacte-i-reserves\/"},"modified":"2026-03-13T15:22:54","modified_gmt":"2026-03-13T15:22:54","slug":"contacte-i-reserves","status":"publish","type":"page","link":"https:\/\/canamarce.com\/ca\/contacte-i-reserves\/","title":{"rendered":"Contacte i reserves"},"content":{"rendered":"\t\t<div data-elementor-type=\"wp-page\" data-elementor-id=\"4581\" class=\"elementor elementor-4581 elementor-1338\" data-elementor-post-type=\"page\">\n\t\t\t\t<div class=\"elementor-element elementor-element-ab36bff e-flex e-con-boxed e-con e-parent\" data-id=\"ab36bff\" data-element_type=\"container\" data-e-type=\"container\">\n\t\t\t\t\t<div class=\"e-con-inner\">\n\t\t\t\t<div class=\"elementor-element elementor-element-ba5e541 elementor-arrows-position-inside elementor-pagination-position-outside elementor-widget elementor-widget-image-carousel\" data-id=\"ba5e541\" data-element_type=\"widget\" data-e-type=\"widget\" data-settings=\"{&quot;slides_to_show&quot;:&quot;5&quot;,&quot;autoplay_speed&quot;:1000,&quot;speed&quot;:700,&quot;_animation&quot;:&quot;none&quot;,&quot;navigation&quot;:&quot;both&quot;,&quot;autoplay&quot;:&quot;yes&quot;,&quot;infinite&quot;:&quot;yes&quot;,&quot;image_spacing_custom&quot;:{&quot;unit&quot;:&quot;px&quot;,&quot;size&quot;:20,&quot;sizes&quot;:[]},&quot;image_spacing_custom_laptop&quot;:{&quot;unit&quot;:&quot;px&quot;,&quot;size&quot;:&quot;&quot;,&quot;sizes&quot;:[]},&quot;image_spacing_custom_tablet_extra&quot;:{&quot;unit&quot;:&quot;px&quot;,&quot;size&quot;:&quot;&quot;,&quot;sizes&quot;:[]},&quot;image_spacing_custom_tablet&quot;:{&quot;unit&quot;:&quot;px&quot;,&quot;size&quot;:&quot;&quot;,&quot;sizes&quot;:[]},&quot;image_spacing_custom_mobile&quot;:{&quot;unit&quot;:&quot;px&quot;,&quot;size&quot;:&quot;&quot;,&quot;sizes&quot;:[]}}\" data-widget_type=\"image-carousel.default\">\n\t\t\t\t\t\t\t<div class=\"elementor-image-carousel-wrapper swiper\" role=\"region\" aria-roledescription=\"carousel\" aria-label=\"Image Carousel\" dir=\"ltr\">\n\t\t\t<div class=\"elementor-image-carousel swiper-wrapper swiper-image-stretch\" aria-live=\"off\">\n\t\t\t\t\t\t\t\t<div class=\"swiper-slide\" role=\"group\" aria-roledescription=\"slide\" aria-label=\"1 de 9\"><figure class=\"swiper-slide-inner\"><img decoding=\"async\" class=\"swiper-slide-image\" src=\"https:\/\/canamarce.com\/wp-content\/uploads\/2025\/08\/carrusel-banner-contacto-2-1024x749.webp\" alt=\"Plat de pernil ib\u00e8ric i pa a Ca Na Marc\u00e8, restaurant mediterrani a Alc\u00fadia.\" \/><\/figure><\/div><div class=\"swiper-slide\" role=\"group\" aria-roledescription=\"slide\" aria-label=\"2 de 9\"><figure class=\"swiper-slide-inner\"><img decoding=\"async\" class=\"swiper-slide-image\" src=\"https:\/\/canamarce.com\/wp-content\/uploads\/2025\/08\/flor-verde-home-2-1024x749.webp\" alt=\"Decoraci\u00f3 amb taronges a Ca Na Marc\u00e8\" \/><\/figure><\/div><div class=\"swiper-slide\" role=\"group\" aria-roledescription=\"slide\" aria-label=\"3 de 9\"><figure class=\"swiper-slide-inner\"><img decoding=\"async\" class=\"swiper-slide-image\" src=\"https:\/\/canamarce.com\/wp-content\/uploads\/2025\/08\/carrusel-banner-contacto-3-1024x749.webp\" alt=\"Plats de tapes mediterr\u00e0nies a Ca Na Marc\u00e8, restaurant a Alc\u00fadia.\" \/><\/figure><\/div><div class=\"swiper-slide\" role=\"group\" aria-roledescription=\"slide\" aria-label=\"4 de 9\"><figure class=\"swiper-slide-inner\"><img decoding=\"async\" class=\"swiper-slide-image\" src=\"https:\/\/canamarce.com\/wp-content\/uploads\/2025\/08\/flor-verde-home-1-1024x749.webp\" alt=\"Decoraci\u00f3 amb llimones a Ca Na Marc\u00e8\" \/><\/figure><\/div><div class=\"swiper-slide\" role=\"group\" aria-roledescription=\"slide\" aria-label=\"5 de 9\"><figure class=\"swiper-slide-inner\"><img decoding=\"async\" class=\"swiper-slide-image\" src=\"https:\/\/canamarce.com\/wp-content\/uploads\/2025\/08\/carrusel-banner-contacto-4-1024x749.webp\" alt=\"C\u00f2ctel artesanal servit a Ca Na Marc\u00e8, restaurant a Alc\u00fadia.\" \/><\/figure><\/div><div class=\"swiper-slide\" role=\"group\" aria-roledescription=\"slide\" aria-label=\"6 de 9\"><figure class=\"swiper-slide-inner\"><img decoding=\"async\" class=\"swiper-slide-image\" src=\"https:\/\/canamarce.com\/wp-content\/uploads\/2025\/08\/flor-verde-home-6-1024x749.webp\" alt=\"Decoraci\u00f3 amb flor d\u2019ametller a Ca Na Marc\u00e8\" \/><\/figure><\/div><div class=\"swiper-slide\" role=\"group\" aria-roledescription=\"slide\" aria-label=\"7 de 9\"><figure class=\"swiper-slide-inner\"><img decoding=\"async\" class=\"swiper-slide-image\" src=\"https:\/\/canamarce.com\/wp-content\/uploads\/2025\/08\/carrusel-banner-contacto-1024x749.webp\" alt=\"Gildes amb olives, anxova i piparra acompanyades de vermut a Ca Na Marc\u00e8, Alc\u00fadia.\" \/><\/figure><\/div><div class=\"swiper-slide\" role=\"group\" aria-roledescription=\"slide\" aria-label=\"8 de 9\"><figure class=\"swiper-slide-inner\"><img decoding=\"async\" class=\"swiper-slide-image\" src=\"https:\/\/canamarce.com\/wp-content\/uploads\/2025\/08\/flor-verde-home-7-1024x749.webp\" alt=\"Decoraci\u00f3 amb magrana a Ca Na Marc\u00e8\" \/><\/figure><\/div><div class=\"swiper-slide\" role=\"group\" aria-roledescription=\"slide\" aria-label=\"9 de 9\"><figure class=\"swiper-slide-inner\"><img decoding=\"async\" class=\"swiper-slide-image\" src=\"https:\/\/canamarce.com\/wp-content\/uploads\/2025\/08\/carrusel-banner-contacto-1-1024x749.webp\" alt=\"Ostres fresques servides al restaurant Ca Na Marc\u00e8, Port d\u2019Alc\u00fadia, Mallorca.\" \/><\/figure><\/div>\t\t\t<\/div>\n\t\t\t\t\t\t\t\t\t\t\t\t<div class=\"elementor-swiper-button elementor-swiper-button-prev\" role=\"button\" tabindex=\"0\">\n\t\t\t\t\t\t<svg aria-hidden=\"true\" class=\"e-font-icon-svg e-eicon-chevron-left\" viewBox=\"0 0 1000 1000\" xmlns=\"http:\/\/www.w3.org\/2000\/svg\"><path d=\"M646 125C629 125 613 133 604 142L308 442C296 454 292 471 292 487 292 504 296 521 308 533L604 854C617 867 629 875 646 875 663 875 679 871 692 858 704 846 713 829 713 812 713 796 708 779 692 767L438 487 692 225C700 217 708 204 708 187 708 171 704 154 692 142 675 129 663 125 646 125Z\"><\/path><\/svg>\t\t\t\t\t<\/div>\n\t\t\t\t\t<div class=\"elementor-swiper-button elementor-swiper-button-next\" role=\"button\" tabindex=\"0\">\n\t\t\t\t\t\t<svg aria-hidden=\"true\" class=\"e-font-icon-svg e-eicon-chevron-right\" viewBox=\"0 0 1000 1000\" xmlns=\"http:\/\/www.w3.org\/2000\/svg\"><path d=\"M696 533C708 521 713 504 713 487 713 471 708 454 696 446L400 146C388 133 375 125 354 125 338 125 325 129 313 142 300 154 292 171 292 187 292 204 296 221 308 233L563 492 304 771C292 783 288 800 288 817 288 833 296 850 308 863 321 871 338 875 354 875 371 875 388 867 400 854L696 533Z\"><\/path><\/svg>\t\t\t\t\t<\/div>\n\t\t\t\t\n\t\t\t\t\t\t\t\t\t<div class=\"swiper-pagination\"><\/div>\n\t\t\t\t\t\t\t\t\t<\/div>\n\t\t\t\t\t\t<\/div>\n\t\t\t\t\t<\/div>\n\t\t\t\t<\/div>\n\t\t<div class=\"elementor-element elementor-element-6462de8d e-con-full e-flex e-con e-parent\" data-id=\"6462de8d\" data-element_type=\"container\" data-e-type=\"container\">\n\t\t<div class=\"elementor-element elementor-element-1b9738e7 e-con-full e-flex e-con e-child\" data-id=\"1b9738e7\" data-element_type=\"container\" data-e-type=\"container\">\n\t\t\t\t<div class=\"elementor-element elementor-element-78284ac3 elementor-widget elementor-widget-heading\" data-id=\"78284ac3\" data-element_type=\"widget\" data-e-type=\"widget\" data-widget_type=\"heading.default\">\n\t\t\t\t\t<h1 class=\"elementor-heading-title elementor-size-default\">Contact Us<\/h1>\t\t\t\t<\/div>\n\t\t\t\t<div class=\"elementor-element elementor-element-5153052c elementor-widget elementor-widget-text-editor\" data-id=\"5153052c\" data-element_type=\"widget\" data-e-type=\"widget\" data-widget_type=\"text-editor.default\">\n\t\t\t\t\t\t\t\t\t<p>Busques un restaurant a <strong>Port d&#8217;Alc\u00fadia<\/strong> amb \u00e0nima mediterr\u00e0nia i ritme slow?<\/p><p>A <a href=\"https:\/\/canamarce.com\/ca\/\"><strong>Ca Na Marc\u00e9<\/strong><\/a> cada detall est\u00e0 pensat perqu\u00e8 gaudeixis sense presses: cuina fresca, plats que sorprenen i un ambient relaxat, just davant del mar. <\/p><p>Reserva la teva taula en un dels racons m\u00e9s especials del <strong>nord de Mallorca<\/strong>. R\u00e0pid, f\u00e0cil i <strong>100% online<\/strong>.  <\/p><p>El mar de fons, el plat perfecte i tu en mode off. Tot la resta pot esperar.  <\/p>\t\t\t\t\t\t\t\t<\/div>\n\t\t\t\t<\/div>\n\t\t<div class=\"elementor-element elementor-element-9d8a216 e-con-full e-flex e-con e-child\" data-id=\"9d8a216\" data-element_type=\"container\" data-e-type=\"container\" data-settings=\"{&quot;background_background&quot;:&quot;classic&quot;}\">\n\t\t\t\t<\/div>\n\t\t\t\t<\/div>\n\t\t<div class=\"elementor-element elementor-element-d08733a e-con-full e-flex e-con e-parent\" data-id=\"d08733a\" data-element_type=\"container\" data-e-type=\"container\">\n\t\t<div class=\"elementor-element elementor-element-134ad5b e-con-full e-flex e-con e-child\" data-id=\"134ad5b\" data-element_type=\"container\" data-e-type=\"container\">\n\t\t\t\t<div class=\"elementor-element elementor-element-b1f420e elementor-widget elementor-widget-heading\" data-id=\"b1f420e\" data-element_type=\"widget\" data-e-type=\"widget\" data-widget_type=\"heading.default\">\n\t\t\t\t\t<h1 class=\"elementor-heading-title elementor-size-default\">Visit Us<\/h1>\t\t\t\t<\/div>\n\t\t\t\t<div class=\"elementor-element elementor-element-10b6176 elementor-tablet-align-center elementor-mobile-align-start elementor-widget-tablet__width-initial elementor-icon-list--layout-traditional elementor-list-item-link-full_width elementor-widget elementor-widget-icon-list\" data-id=\"10b6176\" data-element_type=\"widget\" data-e-type=\"widget\" data-widget_type=\"icon-list.default\">\n\t\t\t\t\t\t\t<ul class=\"elementor-icon-list-items\">\n\t\t\t\t\t\t\t<li class=\"elementor-icon-list-item\">\n\t\t\t\t\t\t\t\t\t\t\t<a href=\"tel:+34971666474\">\n\n\t\t\t\t\t\t\t\t\t\t\t\t<span class=\"elementor-icon-list-icon\">\n\t\t\t\t\t\t\t<svg aria-hidden=\"true\" class=\"e-font-icon-svg e-fas-phone-alt\" viewBox=\"0 0 512 512\" xmlns=\"http:\/\/www.w3.org\/2000\/svg\"><path d=\"M497.39 361.8l-112-48a24 24 0 0 0-28 6.9l-49.6 60.6A370.66 370.66 0 0 1 130.6 204.11l60.6-49.6a23.94 23.94 0 0 0 6.9-28l-48-112A24.16 24.16 0 0 0 122.6.61l-104 24A24 24 0 0 0 0 48c0 256.5 207.9 464 464 464a24 24 0 0 0 23.4-18.6l24-104a24.29 24.29 0 0 0-14.01-27.6z\"><\/path><\/svg>\t\t\t\t\t\t<\/span>\n\t\t\t\t\t\t\t\t\t\t<span class=\"elementor-icon-list-text\">+(34) 971 66 64 74<\/span>\n\t\t\t\t\t\t\t\t\t\t\t<\/a>\n\t\t\t\t\t\t\t\t\t<\/li>\n\t\t\t\t\t\t\t\t<li class=\"elementor-icon-list-item\">\n\t\t\t\t\t\t\t\t\t\t\t<a href=\"mailto:reservas@canamarce.com\">\n\n\t\t\t\t\t\t\t\t\t\t\t\t<span class=\"elementor-icon-list-icon\">\n\t\t\t\t\t\t\t<svg aria-hidden=\"true\" class=\"e-font-icon-svg e-fas-envelope\" viewBox=\"0 0 512 512\" xmlns=\"http:\/\/www.w3.org\/2000\/svg\"><path d=\"M502.3 190.8c3.9-3.1 9.7-.2 9.7 4.7V400c0 26.5-21.5 48-48 48H48c-26.5 0-48-21.5-48-48V195.6c0-5 5.7-7.8 9.7-4.7 22.4 17.4 52.1 39.5 154.1 113.6 21.1 15.4 56.7 47.8 92.2 47.6 35.7.3 72-32.8 92.3-47.6 102-74.1 131.6-96.3 154-113.7zM256 320c23.2.4 56.6-29.2 73.4-41.4 132.7-96.3 142.8-104.7 173.4-128.7 5.8-4.5 9.2-11.5 9.2-18.9v-19c0-26.5-21.5-48-48-48H48C21.5 64 0 85.5 0 112v19c0 7.4 3.4 14.3 9.2 18.9 30.6 23.9 40.7 32.4 173.4 128.7 16.8 12.2 50.2 41.8 73.4 41.4z\"><\/path><\/svg>\t\t\t\t\t\t<\/span>\n\t\t\t\t\t\t\t\t\t\t<span class=\"elementor-icon-list-text\">reserves@canamarce.com<\/span>\n\t\t\t\t\t\t\t\t\t\t\t<\/a>\n\t\t\t\t\t\t\t\t\t<\/li>\n\t\t\t\t\t\t\t\t<li class=\"elementor-icon-list-item\">\n\t\t\t\t\t\t\t\t\t\t\t<a href=\"https:\/\/www.google.com\/maps\/place\/Ca+Na+Marc%C3%A8\/@39.8417116,3.1334085,834m\/data=!3m2!1e3!4b1!4m6!3m5!1s0x12962de57b0539f7:0xbed913685586109d!8m2!3d39.8417116!4d3.1334085!16s%2Fg%2F11kbn68sw8?entry=ttu&#038;g_ep=EgoyMDI1MDgwNC4wIKXMDSoASAFQAw%3D%3D\">\n\n\t\t\t\t\t\t\t\t\t\t\t\t<span class=\"elementor-icon-list-icon\">\n\t\t\t\t\t\t\t<svg aria-hidden=\"true\" class=\"e-font-icon-svg e-fas-map-marker-alt\" viewBox=\"0 0 384 512\" xmlns=\"http:\/\/www.w3.org\/2000\/svg\"><path d=\"M172.268 501.67C26.97 291.031 0 269.413 0 192 0 85.961 85.961 0 192 0s192 85.961 192 192c0 77.413-26.97 99.031-172.268 309.67-9.535 13.774-29.93 13.773-39.464 0zM192 272c44.183 0 80-35.817 80-80s-35.817-80-80-80-80 35.817-80 80 35.817 80 80 80z\"><\/path><\/svg>\t\t\t\t\t\t<\/span>\n\t\t\t\t\t\t\t\t\t\t<span class=\"elementor-icon-list-text\">Passeig Mar\u00edtim, 44, 07400 Port d'Alc\u00fadia, Illes Balears<\/span>\n\t\t\t\t\t\t\t\t\t\t\t<\/a>\n\t\t\t\t\t\t\t\t\t<\/li>\n\t\t\t\t\t\t\t\t<li class=\"elementor-icon-list-item\">\n\t\t\t\t\t\t\t\t\t\t\t<a href=\"https:\/\/www.google.com\/maps\/place\/Ca+Na+Marc%C3%A8\/@39.8417116,3.1334085,834m\/data=!3m2!1e3!4b1!4m6!3m5!1s0x12962de57b0539f7:0xbed913685586109d!8m2!3d39.8417116!4d3.1334085!16s%2Fg%2F11kbn68sw8?entry=ttu&#038;g_ep=EgoyMDI1MDgwNC4wIKXMDSoASAFQAw%3D%3D\">\n\n\t\t\t\t\t\t\t\t\t\t\t\t<span class=\"elementor-icon-list-icon\">\n\t\t\t\t\t\t\t<svg aria-hidden=\"true\" class=\"e-font-icon-svg e-far-clock\" viewBox=\"0 0 512 512\" xmlns=\"http:\/\/www.w3.org\/2000\/svg\"><path d=\"M256 8C119 8 8 119 8 256s111 248 248 248 248-111 248-248S393 8 256 8zm0 448c-110.5 0-200-89.5-200-200S145.5 56 256 56s200 89.5 200 200-89.5 200-200 200zm61.8-104.4l-84.9-61.7c-3.1-2.3-4.9-5.9-4.9-9.7V116c0-6.6 5.4-12 12-12h32c6.6 0 12 5.4 12 12v141.7l66.8 48.6c5.4 3.9 6.5 11.4 2.6 16.8L334.6 349c-3.9 5.3-11.4 6.5-16.8 2.6z\"><\/path><\/svg>\t\t\t\t\t\t<\/span>\n\t\t\t\t\t\t\t\t\t\t<span class=\"elementor-icon-list-text\">Horari: Obert tots els dies, de dilluns a diumenge, de 08:00 a 23:00 h.<\/span>\n\t\t\t\t\t\t\t\t\t\t\t<\/a>\n\t\t\t\t\t\t\t\t\t<\/li>\n\t\t\t\t\t\t<\/ul>\n\t\t\t\t\t\t<\/div>\n\t\t\t\t<\/div>\n\t\t\t\t<div class=\"elementor-element elementor-element-d0aae7f elementor-widget__width-initial elementor-widget elementor-widget-google_maps\" data-id=\"d0aae7f\" data-element_type=\"widget\" data-e-type=\"widget\" data-widget_type=\"google_maps.default\">\n\t\t\t\t\t\t\t<div class=\"elementor-custom-embed\">\n\t\t\t<iframe loading=\"lazy\"\n\t\t\t\t\tsrc=\"https:\/\/maps.google.com\/maps?q=Passeig%20Mar%C3%ADtim%2C%2044%2C%2007400%20Port%20d%27Alc%C3%BAdia%2C%20Illes%20Balears&#038;t=m&#038;z=17&#038;output=embed&#038;iwloc=near\"\n\t\t\t\t\ttitle=\"Passeig Mar\u00edtim, 44, 07400 Port d&#039;Alc\u00fadia, Illes Balears\"\n\t\t\t\t\taria-label=\"Passeig Mar\u00edtim, 44, 07400 Port d&#039;Alc\u00fadia, Illes Balears\"\n\t\t\t><\/iframe>\n\t\t<\/div>\n\t\t\t\t\t\t<\/div>\n\t\t\t\t<\/div>\n\t\t<div class=\"elementor-element elementor-element-4443789 e-flex e-con-boxed e-con e-parent\" data-id=\"4443789\" data-element_type=\"container\" data-e-type=\"container\">\n\t\t\t\t\t<div class=\"e-con-inner\">\n\t\t\t\t<div class=\"elementor-element elementor-element-17baffd elementor-widget elementor-widget-heading\" data-id=\"17baffd\" data-element_type=\"widget\" data-e-type=\"widget\" data-widget_type=\"heading.default\">\n\t\t\t\t\t<h2 class=\"elementor-heading-title elementor-size-default\">The Best Spot in Mallorca<\/h2>\t\t\t\t<\/div>\n\t\t\t\t<div class=\"elementor-element elementor-element-fa45c1b elementor-widget-tablet_extra__width-inherit elementor-widget elementor-widget-text-editor\" data-id=\"fa45c1b\" data-element_type=\"widget\" data-e-type=\"widget\" data-widget_type=\"text-editor.default\">\n\t\t\t\t\t\t\t\t\t<p>Ens trobar\u00e0s en ple <strong>Port d&#8217;Alc\u00fadia<\/strong>, amb vistes al mar i molt a prop del passeig mar\u00edtim. Vine a veure&#8217;ns, reserva la teva taula i simplement deixa&#8217;t portar&#8230; <\/p>\t\t\t\t\t\t\t\t<\/div>\n\t\t\t\t<div class=\"elementor-element elementor-element-9cebe43 elementor-widget elementor-widget-html\" data-id=\"9cebe43\" data-element_type=\"widget\" data-e-type=\"widget\" data-widget_type=\"html.default\">\n\t\t\t\t\t<script type=\"text\/javascript\" src=\"https:\/\/www.covermanager.com\/js\/iframeResizer\/iframeResizer.min.js\"><\/script><iframe id=\"restaurante-ca-na-marce\" title=\"Reserves\" src=\"https:\/\/www.covermanager.com\/reserve\/module_restaurant\/restaurante-ca-na-marce\/spanish\" allow=\"payment\" frameborder=\"0\" height=\"550\" width=\"100%\" onload=\"iFrameResize();\"><\/iframe>\t\t\t\t<\/div>\n\t\t\t\t\t<\/div>\n\t\t\t\t<\/div>\n\t\t<div class=\"elementor-element elementor-element-d6ae9a8 e-flex e-con-boxed e-con e-parent\" data-id=\"d6ae9a8\" data-element_type=\"container\" data-e-type=\"container\">\n\t\t\t\t\t<div class=\"e-con-inner\">\n\t\t\t\t<div class=\"elementor-element elementor-element-ca1a576 elementor-widget elementor-widget-html\" data-id=\"ca1a576\" data-element_type=\"widget\" data-e-type=\"widget\" data-widget_type=\"html.default\">\n\t\t\t\t\t<script type=\"application\/ld+json\">{\r\n  \"@context\": \"https:\/\/schema.org\",\r\n  \"@graph\": [\r\n    {\r\n      \"@type\": \"Restaurant\",\r\n      \"@id\": \"https:\/\/canamarce.com\/#restaurant\",\r\n      \"name\": \"Ca Na Marc\u00e8\",\r\n      \"image\": [\r\n        \"https:\/\/canamarce.com\/wp-content\/uploads\/2016\/09\/MG_3177-2.jpg\"\r\n      ],\r\n      \"url\": \"https:\/\/canamarce.com\/\",\r\n      \"telephone\": \"+34 971 666 474\",\r\n      \"address\": {\r\n        \"@type\": \"PostalAddress\",\r\n        \"streetAddress\": \"Passeig Mar\u00edtim, 44\",\r\n        \"addressLocality\": \"Port d'Alc\u00fadia\",\r\n        \"addressRegion\": \"Illes Balears\",\r\n        \"postalCode\": \"07400\",\r\n        \"addressCountry\": \"ES\"\r\n      },\r\n      \"geo\": {\r\n        \"@type\": \"GeoCoordinates\",\r\n        \"latitude\": 39.84177,\r\n        \"longitude\": 3.13671\r\n      },\r\n      \"hasMap\": \"https:\/\/maps.google.com\/?q=Ca+Na+Marc\u00e8+Port+d'Alc\u00fadia\",\r\n      \"servesCuisine\": [\"Mediterr\u00e1nea\",\"Mallorquina\"],\r\n      \"priceRange\": \"\u20ac\u20ac\u20ac\",\r\n      \"menu\": \"https:\/\/canamarce.com\/carta\/\",\r\n      \"sameAs\": [\r\n        \"https:\/\/www.instagram.com\/canamarce\",\r\n        \"https:\/\/www.facebook.com\/canamarce\",\r\n        \"https:\/\/www.tiktok.com\/@.canamarce\"\r\n      ],\r\n      \"openingHoursSpecification\": [\r\n        {\r\n          \"@type\": \"OpeningHoursSpecification\",\r\n          \"dayOfWeek\": [\"Monday\",\"Tuesday\",\"Wednesday\",\"Thursday\",\"Friday\",\"Saturday\",\"Sunday\"],\r\n          \"opens\": \"08:00\",\r\n          \"closes\": \"24:00\"\r\n        }\r\n      ],\r\n      \"acceptsReservations\": [\r\n        \"Telephone\",\r\n        \"https:\/\/canamarce.com\/contacto-reservas\/#reserva-online\"\r\n      ],\r\n      \"contactPoint\": [\r\n        {\r\n          \"@type\": \"ContactPoint\",\r\n          \"contactType\": \"Reservas\",\r\n          \"telephone\": \"+34 971 666 474\",\r\n          \"availableLanguage\": [\"es\",\"ca\",\"en\",\"de\"]\r\n        }\r\n      ]\r\n    },\r\n    {\r\n      \"@type\": [\"WebPage\",\"ContactPage\"],\r\n      \"@id\": \"https:\/\/canamarce.com\/contacto-reservas\/#webpage\",\r\n      \"url\": \"https:\/\/canamarce.com\/contacto-reservas\/\",\r\n      \"name\": \"Contacto y Reservas | Ca Na Marc\u00e8\",\r\n      \"isPartOf\": {\"@id\": \"https:\/\/canamarce.com\/#website\"},\r\n      \"about\": {\"@id\": \"https:\/\/canamarce.com\/#restaurant\"},\r\n      \"primaryImageOfPage\": {\r\n        \"@type\": \"ImageObject\",\r\n        \"url\": \"https:\/\/canamarce.com\/wp-content\/uploads\/2025\/08\/carrusel-banner-contacto-3.webp\"\r\n      },\r\n      \"inLanguage\": \"es-ES\",\r\n      \"potentialAction\": {\r\n        \"@type\": \"ReserveAction\",\r\n        \"target\": [\r\n          {\r\n            \"@type\": \"EntryPoint\",\r\n            \"urlTemplate\": \"tel:+34971666474\",\r\n            \"actionPlatform\": [\r\n              \"http:\/\/schema.org\/DesktopWebPlatform\",\r\n              \"http:\/\/schema.org\/IOSPlatform\",\r\n              \"http:\/\/schema.org\/AndroidPlatform\"\r\n            ]\r\n          },\r\n          {\r\n            \"@type\": \"EntryPoint\",\r\n            \"urlTemplate\": \"https:\/\/canamarce.com\/contacto-reservas\/#reserva-online\",\r\n            \"actionPlatform\": [\r\n              \"http:\/\/schema.org\/DesktopWebPlatform\",\r\n              \"http:\/\/schema.org\/MobileWebPlatform\"\r\n            ]\r\n          }\r\n        ],\r\n        \"provider\": {\r\n          \"@type\": \"Organization\",\r\n          \"name\": \"CoverManager\",\r\n          \"sameAs\": \"https:\/\/www.covermanager.com\"\r\n        },\r\n        \"result\": {\r\n          \"@type\": \"FoodEstablishmentReservation\",\r\n          \"name\": \"Reserva en Ca Na Marc\u00e8\"\r\n        }\r\n      }\r\n    },\r\n    {\r\n      \"@type\": \"BreadcrumbList\",\r\n      \"@id\": \"https:\/\/canamarce.com\/contacto-reservas\/#breadcrumbs\",\r\n      \"itemListElement\": [\r\n        {\r\n          \"@type\": \"ListItem\",\r\n          \"position\": 1,\r\n          \"name\": \"Inicio\",\r\n          \"item\": \"https:\/\/canamarce.com\/\"\r\n        },\r\n        {\r\n          \"@type\": \"ListItem\",\r\n          \"position\": 2,\r\n          \"name\": \"Contacto y Reservas\",\r\n          \"item\": \"https:\/\/canamarce.com\/contacto-reservas\/\"\r\n        }\r\n      ]\r\n    },\r\n    {\r\n      \"@type\": \"WebSite\",\r\n      \"@id\": \"https:\/\/canamarce.com\/#website\",\r\n      \"url\": \"https:\/\/canamarce.com\/\",\r\n      \"name\": \"Ca Na Marc\u00e8\",\r\n      \"inLanguage\": \"es-ES\",\r\n      \"publisher\": {\"@id\": \"https:\/\/canamarce.com\/#restaurant\"}\r\n    }\r\n  ]\r\n}\r\n<\/script>\t\t\t\t<\/div>\n\t\t\t\t\t<\/div>\n\t\t\t\t<\/div>\n\t\t\t\t<\/div>\n\t\t","protected":false},"excerpt":{"rendered":"<p>Contact Us Busques un restaurant a Port d&#8217;Alc\u00fadia amb \u00e0nima mediterr\u00e0nia i ritme slow? A Ca Na Marc\u00e9 cada detall est\u00e0 pensat perqu\u00e8 gaudeixis sense presses: cuina fresca, plats que sorprenen i un ambient relaxat, just davant del mar. Reserva la teva taula en un dels racons m\u00e9s especials del nord de Mallorca. R\u00e0pid, f\u00e0cil [&hellip;]<\/p>\n","protected":false},"author":1,"featured_media":0,"parent":0,"menu_order":0,"comment_status":"closed","ping_status":"closed","template":"","meta":{"footnotes":""},"class_list":["post-4581","page","type-page","status-publish","hentry"],"yoast_head":"<!-- This site is optimized with the Yoast SEO plugin v27.4 - https:\/\/yoast.com\/product\/yoast-seo-wordpress\/ -->\n<title>Ca Na Marc\u00e8 | Reservar taula Restaurant al Port d\u2019Alc\u00fadia<\/title>\n<meta name=\"description\" content=\"Vols reservar taula al restaurant d\u2019Alc\u00fadia? Reserva en l\u00ednia o per tel\u00e8fon a Ca Na Marc\u00e8. Cuina mediterr\u00e0nia al passeig mar\u00edtim\" \/>\n<meta name=\"robots\" content=\"index, follow, max-snippet:-1, max-image-preview:large, max-video-preview:-1\" \/>\n<link rel=\"canonical\" href=\"https:\/\/canamarce.com\/ca\/contacte-i-reserves\/\" \/>\n<meta property=\"og:locale\" content=\"ca_ES\" \/>\n<meta property=\"og:type\" content=\"article\" \/>\n<meta property=\"og:title\" content=\"Reserva la teva taula a Ca Na Marc\u00e8 | Restaurant al Port d\u2019Alc\u00fadia\" \/>\n<meta property=\"og:description\" content=\"Reserva la teva taula a Ca Na Marc\u00e8, restaurant al Port d\u2019Alc\u00fadia. Contacta amb nosaltres o fes la teva reserva en l\u00ednia i viu una experi\u00e8ncia gastron\u00f2mica \u00fanica a Mallorca.\" \/>\n<meta property=\"og:url\" content=\"https:\/\/canamarce.com\/ca\/contacte-i-reserves\/\" \/>\n<meta property=\"og:site_name\" content=\"Ca Na Marc\u00e8\" \/>\n<meta property=\"article:publisher\" content=\"https:\/\/www.facebook.com\/Ca-Na-Marc-105150035846166\" \/>\n<meta property=\"article:modified_time\" content=\"2026-03-13T15:22:54+00:00\" \/>\n<meta property=\"og:image\" content=\"https:\/\/canamarce.com\/wp-content\/uploads\/2025\/08\/carrusel-banner-contacto-3-1024x749.webp\" \/>\n<meta name=\"twitter:card\" content=\"summary_large_image\" \/>\n<meta name=\"twitter:label1\" content=\"Temps estimat de lectura\" \/>\n\t<meta name=\"twitter:data1\" content=\"1 minut\" \/>\n<script type=\"application\/ld+json\" class=\"yoast-schema-graph\">{\"@context\":\"https:\\\/\\\/schema.org\",\"@graph\":[{\"@type\":\"WebPage\",\"@id\":\"https:\\\/\\\/canamarce.com\\\/ca\\\/contacte-i-reserves\\\/\",\"url\":\"https:\\\/\\\/canamarce.com\\\/ca\\\/contacte-i-reserves\\\/\",\"name\":\"Ca Na Marc\u00e8 | Reservar taula Restaurant al Port d\u2019Alc\u00fadia\",\"isPartOf\":{\"@id\":\"https:\\\/\\\/canamarce.com\\\/ca\\\/#website\"},\"primaryImageOfPage\":{\"@id\":\"https:\\\/\\\/canamarce.com\\\/ca\\\/contacte-i-reserves\\\/#primaryimage\"},\"image\":{\"@id\":\"https:\\\/\\\/canamarce.com\\\/ca\\\/contacte-i-reserves\\\/#primaryimage\"},\"thumbnailUrl\":\"https:\\\/\\\/canamarce.com\\\/wp-content\\\/uploads\\\/2025\\\/08\\\/carrusel-banner-contacto-2-1024x749.webp\",\"datePublished\":\"2025-07-29T07:25:50+00:00\",\"dateModified\":\"2026-03-13T15:22:54+00:00\",\"description\":\"Vols reservar taula al restaurant d\u2019Alc\u00fadia? Reserva en l\u00ednia o per tel\u00e8fon a Ca Na Marc\u00e8. Cuina mediterr\u00e0nia al passeig mar\u00edtim\",\"breadcrumb\":{\"@id\":\"https:\\\/\\\/canamarce.com\\\/ca\\\/contacte-i-reserves\\\/#breadcrumb\"},\"inLanguage\":\"ca\",\"potentialAction\":[{\"@type\":\"ReadAction\",\"target\":[\"https:\\\/\\\/canamarce.com\\\/ca\\\/contacte-i-reserves\\\/\"]}]},{\"@type\":\"ImageObject\",\"inLanguage\":\"ca\",\"@id\":\"https:\\\/\\\/canamarce.com\\\/ca\\\/contacte-i-reserves\\\/#primaryimage\",\"url\":\"https:\\\/\\\/canamarce.com\\\/wp-content\\\/uploads\\\/2025\\\/08\\\/carrusel-banner-contacto-2-1024x749.webp\",\"contentUrl\":\"https:\\\/\\\/canamarce.com\\\/wp-content\\\/uploads\\\/2025\\\/08\\\/carrusel-banner-contacto-2-1024x749.webp\"},{\"@type\":\"BreadcrumbList\",\"@id\":\"https:\\\/\\\/canamarce.com\\\/ca\\\/contacte-i-reserves\\\/#breadcrumb\",\"itemListElement\":[{\"@type\":\"ListItem\",\"position\":1,\"name\":\"Portada\",\"item\":\"https:\\\/\\\/canamarce.com\\\/ca\\\/\"},{\"@type\":\"ListItem\",\"position\":2,\"name\":\"Contacte i reserves\"}]},{\"@type\":\"WebSite\",\"@id\":\"https:\\\/\\\/canamarce.com\\\/ca\\\/#website\",\"url\":\"https:\\\/\\\/canamarce.com\\\/ca\\\/\",\"name\":\"Ca Na Marc\u00e8\",\"description\":\"\",\"publisher\":{\"@id\":\"https:\\\/\\\/canamarce.com\\\/ca\\\/#organization\"},\"potentialAction\":[{\"@type\":\"SearchAction\",\"target\":{\"@type\":\"EntryPoint\",\"urlTemplate\":\"https:\\\/\\\/canamarce.com\\\/ca\\\/?s={search_term_string}\"},\"query-input\":{\"@type\":\"PropertyValueSpecification\",\"valueRequired\":true,\"valueName\":\"search_term_string\"}}],\"inLanguage\":\"ca\"},{\"@type\":\"Organization\",\"@id\":\"https:\\\/\\\/canamarce.com\\\/ca\\\/#organization\",\"name\":\"Ca Na Marc\u00e8\",\"url\":\"https:\\\/\\\/canamarce.com\\\/ca\\\/\",\"logo\":{\"@type\":\"ImageObject\",\"inLanguage\":\"ca\",\"@id\":\"https:\\\/\\\/canamarce.com\\\/ca\\\/#\\\/schema\\\/logo\\\/image\\\/\",\"url\":\"https:\\\/\\\/canamarce.com\\\/wp-content\\\/uploads\\\/2023\\\/02\\\/CANAMARCE-SEPARADORES-TOLDOS.png\",\"contentUrl\":\"https:\\\/\\\/canamarce.com\\\/wp-content\\\/uploads\\\/2023\\\/02\\\/CANAMARCE-SEPARADORES-TOLDOS.png\",\"width\":2947,\"height\":1155,\"caption\":\"Ca Na Marc\u00e8\"},\"image\":{\"@id\":\"https:\\\/\\\/canamarce.com\\\/ca\\\/#\\\/schema\\\/logo\\\/image\\\/\"},\"sameAs\":[\"https:\\\/\\\/www.facebook.com\\\/Ca-Na-Marc-105150035846166\",\"https:\\\/\\\/www.instagram.com\\\/cana_marce\\\/\"]}]}<\/script>\n<!-- \/ Yoast SEO plugin. -->","yoast_head_json":{"title":"Ca Na Marc\u00e8 | Reservar taula Restaurant al Port d\u2019Alc\u00fadia","description":"Vols reservar taula al restaurant d\u2019Alc\u00fadia? Reserva en l\u00ednia o per tel\u00e8fon a Ca Na Marc\u00e8. Cuina mediterr\u00e0nia al passeig mar\u00edtim","robots":{"index":"index","follow":"follow","max-snippet":"max-snippet:-1","max-image-preview":"max-image-preview:large","max-video-preview":"max-video-preview:-1"},"canonical":"https:\/\/canamarce.com\/ca\/contacte-i-reserves\/","og_locale":"ca_ES","og_type":"article","og_title":"Reserva la teva taula a Ca Na Marc\u00e8 | Restaurant al Port d\u2019Alc\u00fadia","og_description":"Reserva la teva taula a Ca Na Marc\u00e8, restaurant al Port d\u2019Alc\u00fadia. Contacta amb nosaltres o fes la teva reserva en l\u00ednia i viu una experi\u00e8ncia gastron\u00f2mica \u00fanica a Mallorca.","og_url":"https:\/\/canamarce.com\/ca\/contacte-i-reserves\/","og_site_name":"Ca Na Marc\u00e8","article_publisher":"https:\/\/www.facebook.com\/Ca-Na-Marc-105150035846166","article_modified_time":"2026-03-13T15:22:54+00:00","og_image":[{"url":"https:\/\/canamarce.com\/wp-content\/uploads\/2025\/08\/carrusel-banner-contacto-3-1024x749.webp","type":"","width":"","height":""}],"twitter_card":"summary_large_image","twitter_misc":{"Temps estimat de lectura":"1 minut"},"schema":{"@context":"https:\/\/schema.org","@graph":[{"@type":"WebPage","@id":"https:\/\/canamarce.com\/ca\/contacte-i-reserves\/","url":"https:\/\/canamarce.com\/ca\/contacte-i-reserves\/","name":"Ca Na Marc\u00e8 | Reservar taula Restaurant al Port d\u2019Alc\u00fadia","isPartOf":{"@id":"https:\/\/canamarce.com\/ca\/#website"},"primaryImageOfPage":{"@id":"https:\/\/canamarce.com\/ca\/contacte-i-reserves\/#primaryimage"},"image":{"@id":"https:\/\/canamarce.com\/ca\/contacte-i-reserves\/#primaryimage"},"thumbnailUrl":"https:\/\/canamarce.com\/wp-content\/uploads\/2025\/08\/carrusel-banner-contacto-2-1024x749.webp","datePublished":"2025-07-29T07:25:50+00:00","dateModified":"2026-03-13T15:22:54+00:00","description":"Vols reservar taula al restaurant d\u2019Alc\u00fadia? Reserva en l\u00ednia o per tel\u00e8fon a Ca Na Marc\u00e8. Cuina mediterr\u00e0nia al passeig mar\u00edtim","breadcrumb":{"@id":"https:\/\/canamarce.com\/ca\/contacte-i-reserves\/#breadcrumb"},"inLanguage":"ca","potentialAction":[{"@type":"ReadAction","target":["https:\/\/canamarce.com\/ca\/contacte-i-reserves\/"]}]},{"@type":"ImageObject","inLanguage":"ca","@id":"https:\/\/canamarce.com\/ca\/contacte-i-reserves\/#primaryimage","url":"https:\/\/canamarce.com\/wp-content\/uploads\/2025\/08\/carrusel-banner-contacto-2-1024x749.webp","contentUrl":"https:\/\/canamarce.com\/wp-content\/uploads\/2025\/08\/carrusel-banner-contacto-2-1024x749.webp"},{"@type":"BreadcrumbList","@id":"https:\/\/canamarce.com\/ca\/contacte-i-reserves\/#breadcrumb","itemListElement":[{"@type":"ListItem","position":1,"name":"Portada","item":"https:\/\/canamarce.com\/ca\/"},{"@type":"ListItem","position":2,"name":"Contacte i reserves"}]},{"@type":"WebSite","@id":"https:\/\/canamarce.com\/ca\/#website","url":"https:\/\/canamarce.com\/ca\/","name":"Ca Na Marc\u00e8","description":"","publisher":{"@id":"https:\/\/canamarce.com\/ca\/#organization"},"potentialAction":[{"@type":"SearchAction","target":{"@type":"EntryPoint","urlTemplate":"https:\/\/canamarce.com\/ca\/?s={search_term_string}"},"query-input":{"@type":"PropertyValueSpecification","valueRequired":true,"valueName":"search_term_string"}}],"inLanguage":"ca"},{"@type":"Organization","@id":"https:\/\/canamarce.com\/ca\/#organization","name":"Ca Na Marc\u00e8","url":"https:\/\/canamarce.com\/ca\/","logo":{"@type":"ImageObject","inLanguage":"ca","@id":"https:\/\/canamarce.com\/ca\/#\/schema\/logo\/image\/","url":"https:\/\/canamarce.com\/wp-content\/uploads\/2023\/02\/CANAMARCE-SEPARADORES-TOLDOS.png","contentUrl":"https:\/\/canamarce.com\/wp-content\/uploads\/2023\/02\/CANAMARCE-SEPARADORES-TOLDOS.png","width":2947,"height":1155,"caption":"Ca Na Marc\u00e8"},"image":{"@id":"https:\/\/canamarce.com\/ca\/#\/schema\/logo\/image\/"},"sameAs":["https:\/\/www.facebook.com\/Ca-Na-Marc-105150035846166","https:\/\/www.instagram.com\/cana_marce\/"]}]}},"_links":{"self":[{"href":"https:\/\/canamarce.com\/ca\/wp-json\/wp\/v2\/pages\/4581","targetHints":{"allow":["GET"]}}],"collection":[{"href":"https:\/\/canamarce.com\/ca\/wp-json\/wp\/v2\/pages"}],"about":[{"href":"https:\/\/canamarce.com\/ca\/wp-json\/wp\/v2\/types\/page"}],"author":[{"embeddable":true,"href":"https:\/\/canamarce.com\/ca\/wp-json\/wp\/v2\/users\/1"}],"replies":[{"embeddable":true,"href":"https:\/\/canamarce.com\/ca\/wp-json\/wp\/v2\/comments?post=4581"}],"version-history":[{"count":6,"href":"https:\/\/canamarce.com\/ca\/wp-json\/wp\/v2\/pages\/4581\/revisions"}],"predecessor-version":[{"id":5831,"href":"https:\/\/canamarce.com\/ca\/wp-json\/wp\/v2\/pages\/4581\/revisions\/5831"}],"wp:attachment":[{"href":"https:\/\/canamarce.com\/ca\/wp-json\/wp\/v2\/media?parent=4581"}],"curies":[{"name":"wp","href":"https:\/\/api.w.org\/{rel}","templated":true}]}}